{"id":6279,"date":"2020-08-07T09:34:56","date_gmt":"2020-08-07T07:34:56","guid":{"rendered":"http:\/\/ftcc.novatis.org\/bureau-federal\/"},"modified":"2023-04-07T14:02:35","modified_gmt":"2023-04-07T12:02:35","slug":"%d8%a7%d9%84%d9%85%d9%83%d8%aa%d8%a8-%d8%a7%d9%84%d8%ac%d8%a7%d9%85%d8%b9%d9%8a","status":"publish","type":"page","link":"https:\/\/www.ftcc.tn\/ar\/%d8%a7%d9%84%d9%85%d9%83%d8%aa%d8%a8-%d8%a7%d9%84%d8%ac%d8%a7%d9%85%d8%b9%d9%8a\/","title":{"rendered":"\u0627\u0644\u0645\u0643\u062a\u0628 \u0627\u0644\u062c\u0627\u0645\u0639\u064a"},"content":{"rendered":"\t\t<div data-elementor-type=\"wp-page\" data-elementor-id=\"6279\" class=\"elementor elementor-6279 elementor-6114\" data-elementor-settings=\"[]\">\n\t\t\t<div class=\"elementor-inner\">\n\t\t\t\t<div class=\"elementor-section-wrap\">\n\t\t\t\t\t\t\t<section class=\"elementor-element elementor-element-ea4a0f5 Bureau  elementor-section-boxed elementor-section-height-default elementor-section-height-default elementor-section elementor-top-section\" data-id=\"ea4a0f5\" data-element_type=\"section\">\n\t\t\t\t\t\t<div class=\"elementor-container elementor-column-gap-narrow\">\n\t\t\t\t<div class=\"elementor-row\">\n\t\t\t\t<div class=\"elementor-element elementor-element-e91155f col-row-team-ftcc elementor-column elementor-col-33 elementor-top-column\" data-id=\"e91155f\" data-element_type=\"column\">\n\t\t\t<div class=\"elementor-column-wrap  elementor-element-populated\">\n\t\t\t\t\t<div class=\"elementor-widget-wrap\">\n\t\t\t\t<div class=\"elementor-element elementor-element-5685452 elementor-widget elementor-widget-elementskit-team\" data-id=\"5685452\" data-element_type=\"widget\" data-widget_type=\"elementskit-team.default\">\n\t\t\t\t<div class=\"elementor-widget-container\">\n\t\t\t<div class=\"ekit-wid-con\" >        <!-- This box for default design-->\n                                                                     <div class=\"profile-card text-center\">\n\n                        \n                <div class=\"profile-header ekit-img-overlay\" >\n                    <img loading=\"lazy\" decoding=\"async\" width=\"600\" height=\"849\" src=\"https:\/\/www.ftcc.tn\/wp-content\/uploads\/2020\/08\/01-Manel-1.png\" class=\"attachment-full size-full\" alt=\"\" \/>                <\/div><!-- .profile-header END -->\n                        \n\n                <div class=\"profile-body\">\n                    \n                    <h2 class=\"profile-title\">\n                                            Manel SOUISSI                                        <\/h2>\n                    <p class=\"profile-designation\">Pr\u00e9sidente, Charg\u00e9e de la Formation<\/p>\n                                    <\/div><!-- .profile-body END -->\n\n                                <\/div><!-- .profile-card END -->\n                                        <!-- This box for overlay design-->\n\n            \n        <!-- start team modal Style -->\n        \n        <\/div>\t\t<\/div>\n\t\t\t\t<\/div>\n\t\t\t\t\t\t<\/div>\n\t\t\t<\/div>\n\t\t<\/div>\n\t\t\t\t<div class=\"elementor-element elementor-element-4fa5e1f col-row-team-ftcc elementor-column elementor-col-33 elementor-top-column\" data-id=\"4fa5e1f\" data-element_type=\"column\">\n\t\t\t<div class=\"elementor-column-wrap  elementor-element-populated\">\n\t\t\t\t\t<div class=\"elementor-widget-wrap\">\n\t\t\t\t<div class=\"elementor-element elementor-element-c3017ef elementor-widget elementor-widget-elementskit-team\" data-id=\"c3017ef\" data-element_type=\"widget\" data-widget_type=\"elementskit-team.default\">\n\t\t\t\t<div class=\"elementor-widget-container\">\n\t\t\t<div class=\"ekit-wid-con\" >        <!-- This box for default design-->\n                                                                     <div class=\"profile-card text-center\">\n\n                        \n                <div class=\"profile-header ekit-img-overlay\" >\n                    <img loading=\"lazy\" decoding=\"async\" width=\"600\" height=\"849\" src=\"https:\/\/www.ftcc.tn\/wp-content\/uploads\/2020\/08\/02-Elhem.png\" class=\"attachment-full size-full\" alt=\"\" \/>                <\/div><!-- .profile-header END -->\n                        \n\n                <div class=\"profile-body\">\n                    \n                    <h2 class=\"profile-title\">\n                                            Elhem HAMROUNI                                        <\/h2>\n                    <p class=\"profile-designation\">Secr\u00e9taire G\u00e9n\u00e9rale, Charg\u00e9e des Clubs<\/p>\n                                    <\/div><!-- .profile-body END -->\n\n                                <\/div><!-- .profile-card END -->\n                                        <!-- This box for overlay design-->\n\n            \n        <!-- start team modal Style -->\n        \n        <\/div>\t\t<\/div>\n\t\t\t\t<\/div>\n\t\t\t\t\t\t<\/div>\n\t\t\t<\/div>\n\t\t<\/div>\n\t\t\t\t<div class=\"elementor-element elementor-element-254a846 col-row-team-ftcc lastt elementor-column elementor-col-33 elementor-top-column\" data-id=\"254a846\" data-element_type=\"column\">\n\t\t\t<div class=\"elementor-column-wrap  elementor-element-populated\">\n\t\t\t\t\t<div class=\"elementor-widget-wrap\">\n\t\t\t\t<div class=\"elementor-element elementor-element-7281225 elementor-widget elementor-widget-elementskit-team\" data-id=\"7281225\" data-element_type=\"widget\" data-widget_type=\"elementskit-team.default\">\n\t\t\t\t<div class=\"elementor-widget-container\">\n\t\t\t<div class=\"ekit-wid-con\" >        <!-- This box for default design-->\n                                                                     <div class=\"profile-card text-center\">\n\n                        \n                <div class=\"profile-header ekit-img-overlay\" >\n                    <img loading=\"lazy\" decoding=\"async\" width=\"600\" height=\"849\" src=\"https:\/\/www.ftcc.tn\/wp-content\/uploads\/2020\/08\/04-Saber.png\" class=\"attachment-full size-full\" alt=\"\" \/>                <\/div><!-- .profile-header END -->\n                        \n\n                <div class=\"profile-body\">\n                    \n                    <h2 class=\"profile-title\">\n                                            Saber BEN R\u2019HOUMA                                        <\/h2>\n                    <p class=\"profile-designation\">Tr\u00e9sorier, Charg\u00e9 de Programmation<\/p>\n                                    <\/div><!-- .profile-body END -->\n\n                                <\/div><!-- .profile-card END -->\n                                        <!-- This box for overlay design-->\n\n            \n        <!-- start team modal Style -->\n        \n        <\/div>\t\t<\/div>\n\t\t\t\t<\/div>\n\t\t\t\t\t\t<\/div>\n\t\t\t<\/div>\n\t\t<\/div>\n\t\t\t\t\t\t<\/div>\n\t\t\t<\/div>\n\t\t<\/section>\n\t\t\t\t<section class=\"elementor-element elementor-element-8295846 Bureau  elementor-section-boxed elementor-section-height-default elementor-section-height-default elementor-section elementor-top-section\" data-id=\"8295846\" data-element_type=\"section\">\n\t\t\t\t\t\t<div class=\"elementor-container elementor-column-gap-narrow\">\n\t\t\t\t<div class=\"elementor-row\">\n\t\t\t\t<div class=\"elementor-element elementor-element-9aa7fff col-row-team-ftcc elementor-column elementor-col-25 elementor-top-column\" data-id=\"9aa7fff\" data-element_type=\"column\">\n\t\t\t<div class=\"elementor-column-wrap  elementor-element-populated\">\n\t\t\t\t\t<div class=\"elementor-widget-wrap\">\n\t\t\t\t<div class=\"elementor-element elementor-element-8343793 elementor-widget elementor-widget-elementskit-team\" data-id=\"8343793\" data-element_type=\"widget\" data-widget_type=\"elementskit-team.default\">\n\t\t\t\t<div class=\"elementor-widget-container\">\n\t\t\t<div class=\"ekit-wid-con\" >        <!-- This box for default design-->\n                                                                     <div class=\"profile-card text-center\">\n\n                        \n                <div class=\"profile-header ekit-img-overlay\" >\n                    <img loading=\"lazy\" decoding=\"async\" width=\"600\" height=\"849\" src=\"https:\/\/www.ftcc.tn\/wp-content\/uploads\/2020\/08\/01-Manel-1.png\" class=\"attachment-full size-full\" alt=\"\" \/>                <\/div><!-- .profile-header END -->\n                        \n\n                <div class=\"profile-body\">\n                    \n                    <h2 class=\"profile-title\">\n                                            Manel SOUISSI                                        <\/h2>\n                    <p class=\"profile-designation\">Pr\u00e9sidente, Charg\u00e9e de la Formation<\/p>\n                                    <\/div><!-- .profile-body END -->\n\n                                <\/div><!-- .profile-card END -->\n                                        <!-- This box for overlay design-->\n\n            \n        <!-- start team modal Style -->\n        \n        <\/div>\t\t<\/div>\n\t\t\t\t<\/div>\n\t\t\t\t\t\t<\/div>\n\t\t\t<\/div>\n\t\t<\/div>\n\t\t\t\t<div class=\"elementor-element elementor-element-c8e8ffa col-row-team-ftcc elementor-column elementor-col-25 elementor-top-column\" data-id=\"c8e8ffa\" data-element_type=\"column\">\n\t\t\t<div class=\"elementor-column-wrap  elementor-element-populated\">\n\t\t\t\t\t<div class=\"elementor-widget-wrap\">\n\t\t\t\t<div class=\"elementor-element elementor-element-f90b9b6 elementor-widget elementor-widget-elementskit-team\" data-id=\"f90b9b6\" data-element_type=\"widget\" data-widget_type=\"elementskit-team.default\">\n\t\t\t\t<div class=\"elementor-widget-container\">\n\t\t\t<div class=\"ekit-wid-con\" >        <!-- This box for default design-->\n                                                                     <div class=\"profile-card text-center\">\n\n                        \n                <div class=\"profile-header ekit-img-overlay\" >\n                    <img loading=\"lazy\" decoding=\"async\" width=\"600\" height=\"849\" src=\"https:\/\/www.ftcc.tn\/wp-content\/uploads\/2020\/08\/02-Elhem.png\" class=\"attachment-full size-full\" alt=\"\" \/>                <\/div><!-- .profile-header END -->\n                        \n\n                <div class=\"profile-body\">\n                    \n                    <h2 class=\"profile-title\">\n                                            Elhem HAMROUNI                                        <\/h2>\n                    <p class=\"profile-designation\">Secr\u00e9taire G\u00e9n\u00e9rale, Charg\u00e9e des Clubs<\/p>\n                                    <\/div><!-- .profile-body END -->\n\n                                <\/div><!-- .profile-card END -->\n                                        <!-- This box for overlay design-->\n\n            \n        <!-- start team modal Style -->\n        \n        <\/div>\t\t<\/div>\n\t\t\t\t<\/div>\n\t\t\t\t\t\t<\/div>\n\t\t\t<\/div>\n\t\t<\/div>\n\t\t\t\t<div class=\"elementor-element elementor-element-473100e col-row-team-ftcc elementor-column elementor-col-25 elementor-top-column\" data-id=\"473100e\" data-element_type=\"column\">\n\t\t\t<div class=\"elementor-column-wrap  elementor-element-populated\">\n\t\t\t\t\t<div class=\"elementor-widget-wrap\">\n\t\t\t\t<div class=\"elementor-element elementor-element-023c417 elementor-widget elementor-widget-elementskit-team\" data-id=\"023c417\" data-element_type=\"widget\" data-widget_type=\"elementskit-team.default\">\n\t\t\t\t<div class=\"elementor-widget-container\">\n\t\t\t<div class=\"ekit-wid-con\" >        <!-- This box for default design-->\n                                                                     <div class=\"profile-card text-center\">\n\n                        \n                <div class=\"profile-header ekit-img-overlay\" >\n                    <img loading=\"lazy\" decoding=\"async\" width=\"600\" height=\"849\" src=\"https:\/\/www.ftcc.tn\/wp-content\/uploads\/2020\/08\/03-Bechir.png\" class=\"attachment-full size-full\" alt=\"\" \/>                <\/div><!-- .profile-header END -->\n                        \n\n                <div class=\"profile-body\">\n                    \n                    <h2 class=\"profile-title\">\n                                            Bechir MEKNI                                        <\/h2>\n                    <p class=\"profile-designation\">Tr\u00e9sorier, Charg\u00e9 des Clubs d\u2019enfants<\/p>\n                                    <\/div><!-- .profile-body END -->\n\n                                <\/div><!-- .profile-card END -->\n                                        <!-- This box for overlay design-->\n\n            \n        <!-- start team modal Style -->\n        \n        <\/div>\t\t<\/div>\n\t\t\t\t<\/div>\n\t\t\t\t\t\t<\/div>\n\t\t\t<\/div>\n\t\t<\/div>\n\t\t\t\t<div class=\"elementor-element elementor-element-2508d6c col-row-team-ftcc lastt elementor-column elementor-col-25 elementor-top-column\" data-id=\"2508d6c\" data-element_type=\"column\">\n\t\t\t<div class=\"elementor-column-wrap  elementor-element-populated\">\n\t\t\t\t\t<div class=\"elementor-widget-wrap\">\n\t\t\t\t<div class=\"elementor-element elementor-element-2992e41 elementor-widget elementor-widget-elementskit-team\" data-id=\"2992e41\" data-element_type=\"widget\" data-widget_type=\"elementskit-team.default\">\n\t\t\t\t<div class=\"elementor-widget-container\">\n\t\t\t<div class=\"ekit-wid-con\" >        <!-- This box for default design-->\n                                                                     <div class=\"profile-card text-center\">\n\n                        \n                <div class=\"profile-header ekit-img-overlay\" >\n                    <img loading=\"lazy\" decoding=\"async\" width=\"600\" height=\"849\" src=\"https:\/\/www.ftcc.tn\/wp-content\/uploads\/2020\/08\/04-Saber.png\" class=\"attachment-full size-full\" alt=\"\" \/>                <\/div><!-- .profile-header END -->\n                        \n\n                <div class=\"profile-body\">\n                    \n                    <h2 class=\"profile-title\">\n                                            Saber BEN R\u2019HOUMA                                        <\/h2>\n                    <p class=\"profile-designation\">Membre, Charg\u00e9 de la Communication et de la Programmation<\/p>\n                                    <\/div><!-- .profile-body END -->\n\n                                <\/div><!-- .profile-card END -->\n                                        <!-- This box for overlay design-->\n\n            \n        <!-- start team modal Style -->\n        \n        <\/div>\t\t<\/div>\n\t\t\t\t<\/div>\n\t\t\t\t\t\t<\/div>\n\t\t\t<\/div>\n\t\t<\/div>\n\t\t\t\t\t\t<\/div>\n\t\t\t<\/div>\n\t\t<\/section>\n\t\t\t\t\t\t<\/div>\n\t\t\t<\/div>\n\t\t<\/div>\n\t\t","protected":false},"excerpt":{"rendered":"<p>Manel SOUISSI Pr\u00e9sidente, Charg\u00e9e de la Formation Elhem HAMROUNI Secr\u00e9taire G\u00e9n\u00e9rale, Charg\u00e9e des Clubs Saber BEN R\u2019HOUMA Tr\u00e9sorier, Charg\u00e9 de Programmation Manel SOUISSI Pr\u00e9sidente, Charg\u00e9e de la Formation Elhem HAMROUNI Secr\u00e9taire G\u00e9n\u00e9rale, Charg\u00e9e des Clubs Bechir MEKNI Tr\u00e9sorier, Charg\u00e9 des Clubs d\u2019enfants Saber BEN R\u2019HOUMA Membre, Charg\u00e9 de la Communication et de la Programmation<\/p>\n","protected":false},"author":1,"featured_media":0,"parent":0,"menu_order":0,"comment_status":"closed","ping_status":"closed","template":"template\/full-width-template.php","meta":{"footnotes":""},"class_list":["post-6279","page","type-page","status-publish","hentry"],"yoast_head":"<!-- This site is optimized with the Yoast SEO plugin v26.9 - https:\/\/yoast.com\/product\/yoast-seo-wordpress\/ -->\n<title>\u0627\u0644\u0645\u0643\u062a\u0628 \u0627\u0644\u062c\u0627\u0645\u0639\u064a - La F\u00e9d\u00e9ration Tunisienne des Cin\u00e9-Clubs<\/title>\n<meta name=\"robots\" content=\"index, follow, max-snippet:-1, max-image-preview:large, max-video-preview:-1\" \/>\n<link rel=\"canonical\" href=\"https:\/\/www.ftcc.tn\/bureau-federal\/\" \/>\n<meta property=\"og:locale\" content=\"ar_AR\" \/>\n<meta property=\"og:type\" content=\"article\" \/>\n<meta property=\"og:title\" content=\"\u0627\u0644\u0645\u0643\u062a\u0628 \u0627\u0644\u062c\u0627\u0645\u0639\u064a - La F\u00e9d\u00e9ration Tunisienne des Cin\u00e9-Clubs\" \/>\n<meta property=\"og:description\" content=\"Manel SOUISSI Pr\u00e9sidente, Charg\u00e9e de la Formation Elhem HAMROUNI Secr\u00e9taire G\u00e9n\u00e9rale, Charg\u00e9e des Clubs Saber BEN R\u2019HOUMA Tr\u00e9sorier, Charg\u00e9 de Programmation Manel SOUISSI Pr\u00e9sidente, Charg\u00e9e de la Formation Elhem HAMROUNI Secr\u00e9taire G\u00e9n\u00e9rale, Charg\u00e9e des Clubs Bechir MEKNI Tr\u00e9sorier, Charg\u00e9 des Clubs d\u2019enfants Saber BEN R\u2019HOUMA Membre, Charg\u00e9 de la Communication et de la Programmation\" \/>\n<meta property=\"og:url\" content=\"https:\/\/www.ftcc.tn\/bureau-federal\/\" \/>\n<meta property=\"og:site_name\" content=\"La F\u00e9d\u00e9ration Tunisienne des Cin\u00e9-Clubs\" \/>\n<meta property=\"article:publisher\" content=\"https:\/\/www.facebook.com\/FTCCTunisie\" \/>\n<meta property=\"article:modified_time\" content=\"2023-04-07T12:02:35+00:00\" \/>\n<meta property=\"og:image\" content=\"https:\/\/www.ftcc.tn\/wp-content\/uploads\/2020\/08\/01-Manel-1.png\" \/>\n<meta name=\"twitter:card\" content=\"summary_large_image\" \/>\n<script type=\"application\/ld+json\" class=\"yoast-schema-graph\">{\"@context\":\"https:\/\/schema.org\",\"@graph\":[{\"@type\":\"WebPage\",\"@id\":\"https:\/\/www.ftcc.tn\/bureau-federal\/\",\"url\":\"https:\/\/www.ftcc.tn\/bureau-federal\/\",\"name\":\"\u0627\u0644\u0645\u0643\u062a\u0628 \u0627\u0644\u062c\u0627\u0645\u0639\u064a - La F\u00e9d\u00e9ration Tunisienne des Cin\u00e9-Clubs\",\"isPartOf\":{\"@id\":\"https:\/\/www.ftcc.tn\/#website\"},\"primaryImageOfPage\":{\"@id\":\"https:\/\/www.ftcc.tn\/bureau-federal\/#primaryimage\"},\"image\":{\"@id\":\"https:\/\/www.ftcc.tn\/bureau-federal\/#primaryimage\"},\"thumbnailUrl\":\"https:\/\/www.ftcc.tn\/wp-content\/uploads\/2020\/08\/01-Manel-1.png\",\"datePublished\":\"2020-08-07T07:34:56+00:00\",\"dateModified\":\"2023-04-07T12:02:35+00:00\",\"breadcrumb\":{\"@id\":\"https:\/\/www.ftcc.tn\/bureau-federal\/#breadcrumb\"},\"inLanguage\":\"ar\",\"potentialAction\":[{\"@type\":\"ReadAction\",\"target\":[\"https:\/\/www.ftcc.tn\/bureau-federal\/\"]}]},{\"@type\":\"ImageObject\",\"inLanguage\":\"ar\",\"@id\":\"https:\/\/www.ftcc.tn\/bureau-federal\/#primaryimage\",\"url\":\"https:\/\/www.ftcc.tn\/wp-content\/uploads\/2020\/08\/01-Manel-1.png\",\"contentUrl\":\"https:\/\/www.ftcc.tn\/wp-content\/uploads\/2020\/08\/01-Manel-1.png\"},{\"@type\":\"BreadcrumbList\",\"@id\":\"https:\/\/www.ftcc.tn\/bureau-federal\/#breadcrumb\",\"itemListElement\":[{\"@type\":\"ListItem\",\"position\":1,\"name\":\"Home\",\"item\":\"https:\/\/www.ftcc.tn\/\"},{\"@type\":\"ListItem\",\"position\":2,\"name\":\"\u0627\u0644\u0645\u0643\u062a\u0628 \u0627\u0644\u062c\u0627\u0645\u0639\u064a\"}]},{\"@type\":\"WebSite\",\"@id\":\"https:\/\/www.ftcc.tn\/#website\",\"url\":\"https:\/\/www.ftcc.tn\/\",\"name\":\"La F\u00e9d\u00e9ration Tunisienne des Cin\u00e9-Clubs\",\"description\":\"Le cin\u00e9ma, autrement.\",\"publisher\":{\"@id\":\"https:\/\/www.ftcc.tn\/#organization\"},\"potentialAction\":[{\"@type\":\"SearchAction\",\"target\":{\"@type\":\"EntryPoint\",\"urlTemplate\":\"https:\/\/www.ftcc.tn\/?s={search_term_string}\"},\"query-input\":{\"@type\":\"PropertyValueSpecification\",\"valueRequired\":true,\"valueName\":\"search_term_string\"}}],\"inLanguage\":\"ar\"},{\"@type\":\"Organization\",\"@id\":\"https:\/\/www.ftcc.tn\/#organization\",\"name\":\"F\u00e9d\u00e9ration Tunisienne des Cin\u00e9-Clubs\",\"url\":\"https:\/\/www.ftcc.tn\/\",\"logo\":{\"@type\":\"ImageObject\",\"inLanguage\":\"ar\",\"@id\":\"https:\/\/www.ftcc.tn\/#\/schema\/logo\/image\/\",\"url\":\"https:\/\/www.ftcc.tn\/wp-content\/uploads\/2019\/06\/footer-logo.png\",\"contentUrl\":\"https:\/\/www.ftcc.tn\/wp-content\/uploads\/2019\/06\/footer-logo.png\",\"width\":108,\"height\":170,\"caption\":\"F\u00e9d\u00e9ration Tunisienne des Cin\u00e9-Clubs\"},\"image\":{\"@id\":\"https:\/\/www.ftcc.tn\/#\/schema\/logo\/image\/\"},\"sameAs\":[\"https:\/\/www.facebook.com\/FTCCTunisie\"]}]}<\/script>\n<!-- \/ Yoast SEO plugin. -->","yoast_head_json":{"title":"\u0627\u0644\u0645\u0643\u062a\u0628 \u0627\u0644\u062c\u0627\u0645\u0639\u064a - La F\u00e9d\u00e9ration Tunisienne des Cin\u00e9-Clubs","robots":{"index":"index","follow":"follow","max-snippet":"max-snippet:-1","max-image-preview":"max-image-preview:large","max-video-preview":"max-video-preview:-1"},"canonical":"https:\/\/www.ftcc.tn\/bureau-federal\/","og_locale":"ar_AR","og_type":"article","og_title":"\u0627\u0644\u0645\u0643\u062a\u0628 \u0627\u0644\u062c\u0627\u0645\u0639\u064a - La F\u00e9d\u00e9ration Tunisienne des Cin\u00e9-Clubs","og_description":"Manel SOUISSI Pr\u00e9sidente, Charg\u00e9e de la Formation Elhem HAMROUNI Secr\u00e9taire G\u00e9n\u00e9rale, Charg\u00e9e des Clubs Saber BEN R\u2019HOUMA Tr\u00e9sorier, Charg\u00e9 de Programmation Manel SOUISSI Pr\u00e9sidente, Charg\u00e9e de la Formation Elhem HAMROUNI Secr\u00e9taire G\u00e9n\u00e9rale, Charg\u00e9e des Clubs Bechir MEKNI Tr\u00e9sorier, Charg\u00e9 des Clubs d\u2019enfants Saber BEN R\u2019HOUMA Membre, Charg\u00e9 de la Communication et de la Programmation","og_url":"https:\/\/www.ftcc.tn\/bureau-federal\/","og_site_name":"La F\u00e9d\u00e9ration Tunisienne des Cin\u00e9-Clubs","article_publisher":"https:\/\/www.facebook.com\/FTCCTunisie","article_modified_time":"2023-04-07T12:02:35+00:00","og_image":[{"url":"https:\/\/www.ftcc.tn\/wp-content\/uploads\/2020\/08\/01-Manel-1.png","type":"","width":"","height":""}],"twitter_card":"summary_large_image","schema":{"@context":"https:\/\/schema.org","@graph":[{"@type":"WebPage","@id":"https:\/\/www.ftcc.tn\/bureau-federal\/","url":"https:\/\/www.ftcc.tn\/bureau-federal\/","name":"\u0627\u0644\u0645\u0643\u062a\u0628 \u0627\u0644\u062c\u0627\u0645\u0639\u064a - La F\u00e9d\u00e9ration Tunisienne des Cin\u00e9-Clubs","isPartOf":{"@id":"https:\/\/www.ftcc.tn\/#website"},"primaryImageOfPage":{"@id":"https:\/\/www.ftcc.tn\/bureau-federal\/#primaryimage"},"image":{"@id":"https:\/\/www.ftcc.tn\/bureau-federal\/#primaryimage"},"thumbnailUrl":"https:\/\/www.ftcc.tn\/wp-content\/uploads\/2020\/08\/01-Manel-1.png","datePublished":"2020-08-07T07:34:56+00:00","dateModified":"2023-04-07T12:02:35+00:00","breadcrumb":{"@id":"https:\/\/www.ftcc.tn\/bureau-federal\/#breadcrumb"},"inLanguage":"ar","potentialAction":[{"@type":"ReadAction","target":["https:\/\/www.ftcc.tn\/bureau-federal\/"]}]},{"@type":"ImageObject","inLanguage":"ar","@id":"https:\/\/www.ftcc.tn\/bureau-federal\/#primaryimage","url":"https:\/\/www.ftcc.tn\/wp-content\/uploads\/2020\/08\/01-Manel-1.png","contentUrl":"https:\/\/www.ftcc.tn\/wp-content\/uploads\/2020\/08\/01-Manel-1.png"},{"@type":"BreadcrumbList","@id":"https:\/\/www.ftcc.tn\/bureau-federal\/#breadcrumb","itemListElement":[{"@type":"ListItem","position":1,"name":"Home","item":"https:\/\/www.ftcc.tn\/"},{"@type":"ListItem","position":2,"name":"\u0627\u0644\u0645\u0643\u062a\u0628 \u0627\u0644\u062c\u0627\u0645\u0639\u064a"}]},{"@type":"WebSite","@id":"https:\/\/www.ftcc.tn\/#website","url":"https:\/\/www.ftcc.tn\/","name":"La F\u00e9d\u00e9ration Tunisienne des Cin\u00e9-Clubs","description":"Le cin\u00e9ma, autrement.","publisher":{"@id":"https:\/\/www.ftcc.tn\/#organization"},"potentialAction":[{"@type":"SearchAction","target":{"@type":"EntryPoint","urlTemplate":"https:\/\/www.ftcc.tn\/?s={search_term_string}"},"query-input":{"@type":"PropertyValueSpecification","valueRequired":true,"valueName":"search_term_string"}}],"inLanguage":"ar"},{"@type":"Organization","@id":"https:\/\/www.ftcc.tn\/#organization","name":"F\u00e9d\u00e9ration Tunisienne des Cin\u00e9-Clubs","url":"https:\/\/www.ftcc.tn\/","logo":{"@type":"ImageObject","inLanguage":"ar","@id":"https:\/\/www.ftcc.tn\/#\/schema\/logo\/image\/","url":"https:\/\/www.ftcc.tn\/wp-content\/uploads\/2019\/06\/footer-logo.png","contentUrl":"https:\/\/www.ftcc.tn\/wp-content\/uploads\/2019\/06\/footer-logo.png","width":108,"height":170,"caption":"F\u00e9d\u00e9ration Tunisienne des Cin\u00e9-Clubs"},"image":{"@id":"https:\/\/www.ftcc.tn\/#\/schema\/logo\/image\/"},"sameAs":["https:\/\/www.facebook.com\/FTCCTunisie"]}]}},"_links":{"self":[{"href":"https:\/\/www.ftcc.tn\/ar\/wp-json\/wp\/v2\/pages\/6279","targetHints":{"allow":["GET"]}}],"collection":[{"href":"https:\/\/www.ftcc.tn\/ar\/wp-json\/wp\/v2\/pages"}],"about":[{"href":"https:\/\/www.ftcc.tn\/ar\/wp-json\/wp\/v2\/types\/page"}],"author":[{"embeddable":true,"href":"https:\/\/www.ftcc.tn\/ar\/wp-json\/wp\/v2\/users\/1"}],"replies":[{"embeddable":true,"href":"https:\/\/www.ftcc.tn\/ar\/wp-json\/wp\/v2\/comments?post=6279"}],"version-history":[{"count":4,"href":"https:\/\/www.ftcc.tn\/ar\/wp-json\/wp\/v2\/pages\/6279\/revisions"}],"predecessor-version":[{"id":7082,"href":"https:\/\/www.ftcc.tn\/ar\/wp-json\/wp\/v2\/pages\/6279\/revisions\/7082"}],"wp:attachment":[{"href":"https:\/\/www.ftcc.tn\/ar\/wp-json\/wp\/v2\/media?parent=6279"}],"curies":[{"name":"wp","href":"https:\/\/api.w.org\/{rel}","templated":true}]}}